{"id":1322,"date":"2026-01-17T18:14:17","date_gmt":"2026-01-17T18:14:17","guid":{"rendered":"https:\/\/arbavegabaja.com\/home\/"},"modified":"2026-09-01T07:10:31","modified_gmt":"2026-09-01T07:10:31","slug":"home","status":"publish","type":"page","link":"https:\/\/arbavegabaja.com\/en\/","title":{"rendered":"Home"},"content":{"rendered":"<div class=\"wp-block-uagb-container uagb-block-494c42c4 alignfull uagb-is-root-container\"><div class=\"uagb-container-inner-blocks-wrap\">\n<div class=\"wp-block-uagb-info-box uagb-block-cd2517a4 uagb-infobox__content-wrap  uagb-infobox-icon-above-title uagb-infobox-image-valign-top wp-block-uagb-info-box--has-margin ajuste-info-box\"><div class=\"uagb-infobox-margin-wrapper\"><div class=\"uagb-ifb-content\"><div class=\"uagb-ifb-title-wrap\"><h1 class=\"uagb-ifb-title-prefix\"> <\/h1><h1 class=\"uagb-ifb-title\">ARBA Vega Baja<\/h1><\/div><p class=\"uagb-ifb-desc\">Part of the ARBA network, 40 years restoring native ecosystems<\/p><div class=\"uagb-ifb-button-wrapper wp-block-button\"><a href=\"https:\/\/arbavegabaja.com\/en\/colabora\/\" class=\"uagb-infobox-cta-link wp-block-button__link\" target=\"_self\" rel=\"noopener noreferrer\" onclick=\"return true;\"><span class=\"uagb-inline-editing\">Get involved<\/span><\/a><\/div><\/div><\/div><\/div>\n\n\n\n<div class=\"wp-block-uagb-image aligncenter uagb-block-10ce78b6 wp-block-uagb-image--layout-default wp-block-uagb-image--effect-static wp-block-uagb-image--align-center\"><figure class=\"wp-block-uagb-image__figure\"><img decoding=\"async\" src=\"https:\/\/arbavegabaja.com\/wp-content\/uploads\/2026\/08\/Logo-blanco-sin-fondo-cuadrado-300x300.png\" alt=\"\" class=\"uag-image-3838\" width=\"300\" height=\"300\" title=\"Logo blanco sin fondo - cuadrado\" loading=\"lazy\" role=\"img\" \/><\/figure><\/div>\n<\/div><\/div>\n\n\n\n<div class=\"wp-block-uagb-container uagb-block-b942c7b6 alignfull uagb-is-root-container\"><div class=\"uagb-container-inner-blocks-wrap\">\n<div class=\"wp-block-uagb-advanced-heading uagb-block-5594530d\"><h2 class=\"uagb-heading-text\">On the front page<\/h2><div class=\"uagb-separator\"><\/div><\/div>\n\n\n\n<div class=\"wp-block-columns tarjetas-iguales is-layout-flex wp-container-core-columns-is-layout-28f84493 wp-block-columns-is-layout-flex\">\n<div class=\"wp-block-column is-layout-flow wp-block-column-is-layout-flow\">\n<div class=\"wp-block-cover has-custom-content-position is-position-top-center\"><img loading=\"lazy\" decoding=\"async\" width=\"300\" height=\"375\" class=\"wp-block-cover__image-background wp-image-3540 size-full\" alt=\"Voluntario ARBA observando el paisaje\" src=\"https:\/\/arbavegabaja.com\/wp-content\/uploads\/2026\/08\/Miniatura-paisaje-compressed.jpg\" data-object-fit=\"cover\" srcset=\"https:\/\/arbavegabaja.com\/wp-content\/uploads\/2026\/08\/Miniatura-paisaje-compressed.jpg 300w, https:\/\/arbavegabaja.com\/wp-content\/uploads\/2026\/08\/Miniatura-paisaje-compressed-240x300.jpg 240w, https:\/\/arbavegabaja.com\/wp-content\/uploads\/2026\/08\/Miniatura-paisaje-compressed-10x12.jpg 10w\" sizes=\"auto, (max-width: 300px) 100vw, 300px\" \/><span aria-hidden=\"true\" class=\"wp-block-cover__background has-ast-global-color-7-background-color has-background-dim-40 has-background-dim\"><\/span><div class=\"wp-block-cover__inner-container is-layout-constrained wp-block-cover-is-layout-constrained\">\n<p class=\"has-text-align-left has-ast-global-color-5-color has-text-color has-link-color wp-elements-8856f4e56d4ff37f82389700d72e1499\" style=\"margin-top:var(--wp--preset--spacing--50);margin-bottom:var(--wp--preset--spacing--50);padding-top:0;padding-bottom:0;font-size:18px\"><strong>ACTION PROJECTS: EXPLORATORY PHASE<\/strong><\/p>\n\n\n\n<p class=\"has-ast-global-color-5-color has-text-color has-link-color wp-elements-4b81f369973fec1cc365da8082633f21\" style=\"margin-top:var(--wp--preset--spacing--20);margin-bottom:var(--wp--preset--spacing--20);font-size:18px\">As ARBA is becoming established in the Vega Baja, discover and participate in the selection of candidate areas for reforestation in the region.<\/p>\n\n\n\n<div style=\"height:80px\" aria-hidden=\"true\" class=\"wp-block-spacer\"><\/div>\n\n\n\n<div class=\"wp-block-uagb-buttons uagb-buttons__outer-wrap uagb-btn__default-btn uagb-btn-tablet__default-btn uagb-btn-mobile__default-btn uagb-block-8934dc3b\"><div class=\"uagb-buttons__wrap uagb-buttons-layout-wrap\">\n<div class=\"wp-block-uagb-buttons-child uagb-buttons__outer-wrap uagb-block-c492b8c4 wp-block-button\"><div class=\"uagb-button__wrapper\"><a class=\"uagb-buttons-repeater wp-block-button__link\" aria-label=\"\" href=\"https:\/\/arbavegabaja.com\/en\/proyectos-arba-vega-baja-fase-exploratoria\/\" rel=\"follow noopener\" target=\"_self\" role=\"button\"><div class=\"uagb-button__link\">Read more...<\/div><\/a><\/div><\/div>\n<\/div><\/div>\n<\/div><\/div>\n<\/div>\n\n\n\n<div class=\"wp-block-column is-layout-flow wp-block-column-is-layout-flow\">\n<div class=\"wp-block-cover has-custom-content-position is-position-top-center wp-duotone-unset-1\"><img loading=\"lazy\" decoding=\"async\" width=\"400\" height=\"500\" class=\"wp-block-cover__image-background wp-image-3534 size-full\" alt=\"Voluntarios caminando\" src=\"https:\/\/arbavegabaja.com\/wp-content\/uploads\/2026\/08\/Miniatura-unete-compressed.jpg\" style=\"object-position:100% 51%\" data-object-fit=\"cover\" data-object-position=\"100% 51%\" srcset=\"https:\/\/arbavegabaja.com\/wp-content\/uploads\/2026\/08\/Miniatura-unete-compressed.jpg 400w, https:\/\/arbavegabaja.com\/wp-content\/uploads\/2026\/08\/Miniatura-unete-compressed-240x300.jpg 240w, https:\/\/arbavegabaja.com\/wp-content\/uploads\/2026\/08\/Miniatura-unete-compressed-10x12.jpg 10w\" sizes=\"auto, (max-width: 400px) 100vw, 400px\" \/><span aria-hidden=\"true\" class=\"wp-block-cover__background has-ast-global-color-7-background-color has-background-dim\"><\/span><div class=\"wp-block-cover__inner-container is-layout-constrained wp-block-cover-is-layout-constrained\">\n<p class=\"has-text-align-left has-ast-global-color-5-color has-text-color has-link-color wp-elements-447ad6b9ba950ee86f841393f3ccc681\" style=\"margin-top:var(--wp--preset--spacing--50);margin-bottom:var(--wp--preset--spacing--50);font-size:18px\"><strong>JOIN ARBA VEGA BAJA!<\/strong><\/p>\n\n\n\n<p class=\"has-ast-global-color-5-color has-text-color has-link-color wp-elements-2292e3c3bce11ec3c6551d41dd48eab6\" style=\"margin-top:var(--wp--preset--spacing--20);margin-bottom:var(--wp--preset--spacing--20);font-size:18px\">Recovering a healthy native vegetation is basic for a strong and resilient Vega Baja. Find out about our work and join the movement!<\/p>\n\n\n\n<div class=\"wp-block-uagb-image uagb-block-afc44d39 wp-block-uagb-image--layout-default wp-block-uagb-image--effect-static wp-block-uagb-image--align-none\"><figure class=\"wp-block-uagb-image__figure\"><img decoding=\"async\" src=\"https:\/\/arbavegabaja.com\/wp-content\/uploads\/2026\/08\/Logo-blanco-sin-fondo-1024x747.png\" alt=\"\" class=\"uag-image-3539\" width=\"160\" height=\"843\" title=\"Logo blanco sin fondo\" loading=\"lazy\" role=\"img\" \/><\/figure><\/div>\n\n\n\n<div class=\"wp-block-uagb-buttons uagb-buttons__outer-wrap uagb-btn__default-btn uagb-btn-tablet__default-btn uagb-btn-mobile__default-btn uagb-block-7d8a658c\"><div class=\"uagb-buttons__wrap uagb-buttons-layout-wrap\">\n<div class=\"wp-block-uagb-buttons-child uagb-buttons__outer-wrap uagb-block-421fae79 wp-block-button\"><div class=\"uagb-button__wrapper\"><a class=\"uagb-buttons-repeater wp-block-button__link\" aria-label=\"\" href=\"https:\/\/arbavegabaja.com\/en\/unete-a-arba-vega-baja-juntos-recuperamos-la-vida-del-sur-de-alicante\/\" rel=\"follow noopener\" target=\"_self\" role=\"button\"><div class=\"uagb-button__link\">Read more...<\/div><\/a><\/div><\/div>\n<\/div><\/div>\n<\/div><\/div>\n<\/div>\n\n\n\n<div class=\"wp-block-column is-layout-flow wp-block-column-is-layout-flow\">\n<div class=\"wp-block-cover has-custom-content-position is-position-top-center\"><img loading=\"lazy\" decoding=\"async\" width=\"300\" height=\"375\" class=\"wp-block-cover__image-background wp-image-3541 size-full\" alt=\"Paisaje con sequ\u00eda\" src=\"https:\/\/arbavegabaja.com\/wp-content\/uploads\/2026\/08\/Miniatura-sequia-compressed.jpg\" data-object-fit=\"cover\" srcset=\"https:\/\/arbavegabaja.com\/wp-content\/uploads\/2026\/08\/Miniatura-sequia-compressed.jpg 300w, https:\/\/arbavegabaja.com\/wp-content\/uploads\/2026\/08\/Miniatura-sequia-compressed-240x300.jpg 240w, https:\/\/arbavegabaja.com\/wp-content\/uploads\/2026\/08\/Miniatura-sequia-compressed-10x12.jpg 10w\" sizes=\"auto, (max-width: 300px) 100vw, 300px\" \/><span aria-hidden=\"true\" class=\"wp-block-cover__background has-ast-global-color-7-background-color has-background-dim\"><\/span><div class=\"wp-block-cover__inner-container is-layout-constrained wp-block-cover-is-layout-constrained\">\n<p class=\"has-text-align-left has-ast-global-color-5-color has-text-color has-link-color wp-elements-0e13ed0c6c51e63a3a3d08962cb4f89c\" style=\"margin-top:var(--wp--preset--spacing--50);margin-bottom:var(--wp--preset--spacing--50);font-size:18px\"><strong>ALICANTE LEADS DESERTIFICATION IN SPAIN<\/strong><\/p>\n\n\n\n<p class=\"has-ast-global-color-5-color has-text-color has-link-color wp-elements-10e2561dafee8cf33652f1bd2a904d59\" style=\"margin-top:var(--wp--preset--spacing--20);margin-bottom:var(--wp--preset--spacing--20);font-size:18px\">The first Desertification Atlas of Spain 2025 reports the province of Alicante being the most affected by desertification as 94% of its surface area is degraded, especially in its southern part.<\/p>\n\n\n\n<div style=\"height:35px\" aria-hidden=\"true\" class=\"wp-block-spacer\"><\/div>\n\n\n\n<div class=\"wp-block-uagb-buttons uagb-buttons__outer-wrap uagb-btn__default-btn uagb-btn-tablet__default-btn uagb-btn-mobile__default-btn uagb-block-65a458b2\"><div class=\"uagb-buttons__wrap uagb-buttons-layout-wrap\">\n<div class=\"wp-block-uagb-buttons-child uagb-buttons__outer-wrap uagb-block-55fbdc72 wp-block-button\"><div class=\"uagb-button__wrapper\"><a class=\"uagb-buttons-repeater wp-block-button__link\" aria-label=\"\" href=\"https:\/\/arbavegabaja.com\/en\/la-desertificacion-en-la-provincia-de-alicante\/\" rel=\"follow noopener\" target=\"_self\" role=\"button\"><div class=\"uagb-button__link\">Read more...<\/div><\/a><\/div><\/div>\n<\/div><\/div>\n<\/div><\/div>\n<\/div>\n<\/div>\n<\/div><\/div>\n\n\n\n<div class=\"wp-block-uagb-container uagb-block-5fcee4f8 alignfull uagb-is-root-container\"><div class=\"uagb-container-inner-blocks-wrap\">\n<div class=\"wp-block-uagb-advanced-heading uagb-block-2b5f3149\"><h2 class=\"uagb-heading-text\">What makes us different<\/h2><div class=\"uagb-separator\"><\/div><\/div>\n\n\n\n<div class=\"wp-block-uagb-slider uagb-block-676068f7 uagb-slider-container\"><div class=\"uagb-slides uagb-swiper\"><div class=\"swiper-wrapper\">\n<div class=\"wp-block-uagb-slider-child uagb-slider-child-wrap swiper-slide uagb-block-21e29932\"><div class=\"swiper-content\">\n<div class=\"wp-block-uagb-container uagb-block-1469d80c\">\n<div class=\"wp-block-uagb-info-box uagb-block-f3ad9ecc uagb-infobox__content-wrap  uagb-infobox-icon-above-title uagb-infobox-image-valign-top wp-block-uagb-info-box--has-margin\"><div class=\"uagb-infobox-margin-wrapper\"><div class=\"uagb-ifb-content\"><div class=\"uagb-ifb-image-content\"><img decoding=\"async\" src=\"https:\/\/arbavegabaja.com\/wp-content\/uploads\/2026\/01\/encina-silueta-150x150.avif\" alt=\"encina silueta\" width=\"\" height=\"0\" loading=\"lazy\"\/><\/div><div class=\"uagb-ifb-title-wrap\"><h3 class=\"uagb-ifb-title\">\u00abWe act at the root\u00bb.\u00bb<\/h3><\/div><p class=\"uagb-ifb-desc\">We focus our efforts on the foundation of the ecosystem. We restore native vegetation to restore the climate, water, soil and so on. In a context of uncertainty and dependence, building our resilience through a healthy environment is vital.<\/p><\/div><\/div><\/div>\n<\/div>\n<\/div><\/div>\n\n\n\n<div class=\"wp-block-uagb-slider-child uagb-slider-child-wrap swiper-slide uagb-block-9ce6868e\"><div class=\"swiper-content\">\n<div class=\"wp-block-uagb-container uagb-block-a6868d81\">\n<div class=\"wp-block-uagb-info-box uagb-block-ce79370a uagb-infobox__content-wrap  uagb-infobox-icon-above-title uagb-infobox-image-valign-top\"><div class=\"uagb-ifb-content\"><div class=\"uagb-ifb-image-content\"><img decoding=\"async\" src=\"https:\/\/arbavegabaja.com\/wp-content\/uploads\/2026\/01\/Pueblo-1-150x150.png\" alt=\"pueblo\" width=\"\" height=\"0\" loading=\"lazy\"\/><\/div><div class=\"uagb-ifb-title-wrap\"><h3 class=\"uagb-ifb-title\">\u00abHere, for you\u00bb<\/h3><\/div><p class=\"uagb-ifb-desc\">We work on our land, for our people. While we do our bit for global problems, we are looking for visible effects here. And yes, it is possible to reduce the effects of climate change on a local scale.<\/p><\/div><\/div>\n<\/div>\n<\/div><\/div>\n\n\n\n<div class=\"wp-block-uagb-slider-child uagb-slider-child-wrap swiper-slide uagb-block-839b1901\"><div class=\"swiper-content\">\n<div class=\"wp-block-uagb-container uagb-block-563f92cb\">\n<div class=\"wp-block-uagb-info-box uagb-block-78638521 uagb-infobox__content-wrap  uagb-infobox-icon-above-title uagb-infobox-image-valign-top\"><div class=\"uagb-ifb-content\"><div class=\"uagb-ifb-image-content\"><img decoding=\"async\" src=\"https:\/\/arbavegabaja.com\/wp-content\/uploads\/2026\/01\/team-pulling-1-2-150x150.png\" alt=\"team pulling 1\" width=\"\" height=\"0\" loading=\"lazy\"\/><\/div><div class=\"uagb-ifb-title-wrap\"><h3 class=\"uagb-ifb-title\">\u00abAll in the same boat\u00bb.\u00bb<\/h3><\/div><p class=\"uagb-ifb-desc\">We seek a constructive collaboration with institutions and businesses, who must be part of the solution, not of the problem. The ideas and driving force required for sustained action emerge from cooperation.<\/p><\/div><\/div>\n<\/div>\n<\/div><\/div>\n<\/div><\/div><div class=\"swiper-pagination\"><\/div><div class=\"swiper-button-prev\"><\/div><div class=\"swiper-button-next\"><\/div><\/div>\n<\/div><\/div>\n\n\n\n<div class=\"wp-block-uagb-advanced-heading uagb-block-e380a2fa\"><h2 class=\"uagb-heading-text\">Soil restoration: a natural solution for climate and water<\/h2><div class=\"uagb-separator\"><\/div><\/div>\n\n\n\n<div class=\"wp-block-uagb-container uagb-block-08175601 alignfull uagb-is-root-container\"><div class=\"uagb-container-inner-blocks-wrap\">\n<div class=\"wp-block-columns is-layout-flex wp-container-core-columns-is-layout-6a9334e7 wp-block-columns-is-layout-flex\" style=\"padding-top:var(--wp--preset--spacing--20);padding-right:var(--wp--preset--spacing--50);padding-bottom:var(--wp--preset--spacing--20);padding-left:var(--wp--preset--spacing--50)\">\n<div class=\"wp-block-column is-layout-flow wp-block-column-is-layout-flow\">\n<div class=\"wp-block-uagb-image uagb-block-62ec75a3 wp-block-uagb-image--layout-default wp-block-uagb-image--effect-static wp-block-uagb-image--align-none\"><figure class=\"wp-block-uagb-image__figure\"><img decoding=\"async\" src=\"https:\/\/arbavegabaja.com\/wp-content\/uploads\/2026\/09\/Infography-soil-A-compressed.jpg\" alt=\"El problema de un suelo seco y muerto\" class=\"uag-image-3012\" width=\"538\" height=\"883\" title=\"infography soil A\" loading=\"lazy\" role=\"img\" \/><\/figure><\/div>\n<\/div>\n\n\n\n<div class=\"wp-block-column is-layout-flow wp-block-column-is-layout-flow\">\n<div class=\"wp-block-uagb-image uagb-block-11e8829a wp-block-uagb-image--layout-default wp-block-uagb-image--effect-static wp-block-uagb-image--align-none\"><figure class=\"wp-block-uagb-image__figure\"><img decoding=\"async\" src=\"https:\/\/arbavegabaja.com\/wp-content\/uploads\/2026\/09\/Infography-soil-B-compressed.jpg\" alt=\"La soluci\u00f3n con un suelo vivo y vegetaci\u00f3n aut\u00f3ctona\" class=\"uag-image-3574\" width=\"538\" height=\"883\" title=\"infography soil B\" loading=\"lazy\" role=\"img\" \/><\/figure><\/div>\n<\/div>\n\n\n\n<div class=\"wp-block-column is-layout-flow wp-block-column-is-layout-flow\">\n<div class=\"wp-block-uagb-image uagb-block-028fb174 wp-block-uagb-image--layout-default wp-block-uagb-image--effect-static wp-block-uagb-image--align-none\"><figure class=\"wp-block-uagb-image__figure\"><img decoding=\"async\" src=\"https:\/\/arbavegabaja.com\/wp-content\/uploads\/2026\/09\/Infography-soil-C-compressed.jpg\" alt=\"Beneficios de la recuperacion del suelo y la vegetaci\u00f3n\" class=\"uag-image-3015\" width=\"538\" height=\"883\" title=\"infography soil C\" loading=\"lazy\" role=\"img\" \/><\/figure><\/div>\n<\/div>\n<\/div>\n<\/div><\/div>\n\n\n\n<div style=\"height:40px\" aria-hidden=\"true\" class=\"wp-block-spacer\"><\/div>","protected":false},"excerpt":{"rendered":"<p>En portada Qu\u00e9 nos hace distintos La restauraci\u00f3n de los suelos: una soluci\u00f3n natural para el clima y el agua<\/p>","protected":false},"author":1,"featured_media":0,"parent":0,"menu_order":0,"comment_status":"closed","ping_status":"closed","template":"","meta":{"_uag_custom_page_level_css":"","site-sidebar-layout":"no-sidebar","site-content-layout":"page-builder","ast-site-content-layout":"full-width-container","site-content-style":"unboxed","site-sidebar-style":"unboxed","ast-global-header-display":"","ast-banner-title-visibility":"","ast-main-header-display":"","ast-hfb-above-header-display":"","ast-hfb-below-header-display":"","ast-hfb-mobile-header-display":"","site-post-title":"disabled","ast-breadcrumbs-content":"","ast-featured-img":"disabled","footer-sml-layout":"","ast-disable-related-posts":"","theme-transparent-header-meta":"enabled","adv-header-id-meta":"","stick-header-meta":"","header-above-stick-meta":"","header-main-stick-meta":"","header-below-stick-meta":"","astra-migrate-meta-layouts":"set","ast-page-background-enabled":"default","ast-page-background-meta":{"desktop":{"background-color":"var(--ast-global-color-4)","background-image":"","background-repeat":"repeat","background-position":"center center","background-size":"auto","background-attachment":"scroll","background-type":"","background-media":"","overlay-type":"","overlay-color":"","overlay-opacity":"","overlay-gradient":""},"tablet":{"background-color":"","background-image":"","background-repeat":"repeat","background-position":"center center","background-size":"auto","background-attachment":"scroll","background-type":"","background-media":"","overlay-type":"","overlay-color":"","overlay-opacity":"","overlay-gradient":""},"mobile":{"background-color":"","background-image":"","background-repeat":"repeat","background-position":"center center","background-size":"auto","background-attachment":"scroll","background-type":"","background-media":"","overlay-type":"","overlay-color":"","overlay-opacity":"","overlay-gradient":""}},"ast-content-background-meta":{"desktop":{"background-color":"var(--ast-global-color-5)","background-image":"","background-repeat":"repeat","background-position":"center center","background-size":"auto","background-attachment":"scroll","background-type":"","background-media":"","overlay-type":"","overlay-color":"","overlay-opacity":"","overlay-gradient":""},"tablet":{"background-color":"var(--ast-global-color-5)","background-image":"","background-repeat":"repeat","background-position":"center center","background-size":"auto","background-attachment":"scroll","background-type":"","background-media":"","overlay-type":"","overlay-color":"","overlay-opacity":"","overlay-gradient":""},"mobile":{"background-color":"var(--ast-global-color-5)","background-image":"","background-repeat":"repeat","background-position":"center center","background-size":"auto","background-attachment":"scroll","background-type":"","background-media":"","overlay-type":"","overlay-color":"","overlay-opacity":"","overlay-gradient":""}},"footnotes":""},"class_list":["post-1322","page","type-page","status-publish","hentry"],"aioseo_notices":[],"aioseo_head":"\n\t\t<!-- All in One SEO 5.0.1.1 - aioseo.com -->\n\t<meta name=\"description\" content=\"Ven y conoce ARBA Vega Baja para empezar a contribuir a la recuperaci\u00f3n del entorno de nuestra regi\u00f3n a trav\u00e9s de la vegetaci\u00f3n aut\u00f3ctona.\" \/>\n\t<meta name=\"robots\" content=\"max-image-preview:large\" \/>\n\t<link rel=\"canonical\" href=\"https:\/\/arbavegabaja.com\/en\/\" \/>\n\t<meta name=\"generator\" content=\"All in One SEO (AIOSEO) 5.0.1.1\" \/>\n\t\t<meta property=\"og:locale\" content=\"en_GB\" \/>\n\t\t<meta property=\"og:site_name\" content=\"arbavegabaja.com - Web de ARBA Vega Baja, asociaci\u00f3n local para la recuperaci\u00f3n de la vegetaci\u00f3n aut\u00f3ctona\" \/>\n\t\t<meta property=\"og:type\" content=\"website\" \/>\n\t\t<meta property=\"og:title\" content=\"Inicio\" \/>\n\t\t<meta property=\"og:description\" content=\"Ven y conoce ARBA Vega Baja para empezar a contribuir a la recuperaci\u00f3n del entorno de nuestra regi\u00f3n a trav\u00e9s de la vegetaci\u00f3n aut\u00f3ctona.\" \/>\n\t\t<meta property=\"og:url\" content=\"https:\/\/arbavegabaja.com\/en\/\" \/>\n\t\t<meta property=\"og:image\" content=\"https:\/\/arbavegabaja.com\/wp-content\/uploads\/2026\/08\/Unete-portada-16-9-compressed-1.jpg\" \/>\n\t\t<meta property=\"og:image:secure_url\" content=\"https:\/\/arbavegabaja.com\/wp-content\/uploads\/2026\/08\/Unete-portada-16-9-compressed-1.jpg\" \/>\n\t\t<meta property=\"og:image:width\" content=\"1200\" \/>\n\t\t<meta property=\"og:image:height\" content=\"800\" \/>\n\t\t<meta name=\"twitter:card\" content=\"summary_large_image\" \/>\n\t\t<meta name=\"twitter:title\" content=\"Inicio\" \/>\n\t\t<meta name=\"twitter:description\" content=\"Ven y conoce ARBA Vega Baja para empezar a contribuir a la recuperaci\u00f3n del entorno de nuestra regi\u00f3n a trav\u00e9s de la vegetaci\u00f3n aut\u00f3ctona.\" \/>\n\t\t<meta name=\"twitter:image\" content=\"https:\/\/arbavegabaja.com\/wp-content\/uploads\/2026\/08\/Unete-portada-16-9-compressed-1.jpg\" \/>\n\t\t<script type=\"application\/ld+json\" class=\"aioseo-schema\">\n\t\t\t{\"@context\":\"https:\\\/\\\/schema.org\",\"@graph\":[{\"@type\":\"BreadcrumbList\",\"@id\":\"https:\\\/\\\/arbavegabaja.com\\\/en\\\/#breadcrumblist\",\"itemListElement\":[{\"@type\":\"ListItem\",\"@id\":\"https:\\\/\\\/arbavegabaja.com\\\/en#listItem\",\"position\":1,\"name\":\"Home\",\"item\":\"https:\\\/\\\/arbavegabaja.com\\\/en\",\"nextItem\":{\"@type\":\"ListItem\",\"@id\":\"https:\\\/\\\/arbavegabaja.com\\\/en\\\/#listItem\",\"name\":\"Inicio\"}},{\"@type\":\"ListItem\",\"@id\":\"https:\\\/\\\/arbavegabaja.com\\\/en\\\/#listItem\",\"position\":2,\"name\":\"Inicio\",\"previousItem\":{\"@type\":\"ListItem\",\"@id\":\"https:\\\/\\\/arbavegabaja.com\\\/en#listItem\",\"name\":\"Home\"}}]},{\"@type\":\"Organization\",\"@id\":\"https:\\\/\\\/arbavegabaja.com\\\/en\\\/#organization\",\"name\":\"arbavegabaja.com\",\"description\":\"Web de ARBA Vega Baja, asociaci\\u00f3n local para la recuperaci\\u00f3n de la vegetaci\\u00f3n aut\\u00f3ctona\",\"url\":\"https:\\\/\\\/arbavegabaja.com\\\/en\\\/\",\"logo\":{\"@type\":\"ImageObject\",\"url\":\"https:\\\/\\\/arbavegabaja.com\\\/wp-content\\\/uploads\\\/2026\\\/01\\\/Logo-BN-sin-fondo-1.png\",\"@id\":\"https:\\\/\\\/arbavegabaja.com\\\/en\\\/#organizationLogo\",\"width\":1155,\"height\":843,\"caption\":\"logo bn sin fondo\"},\"image\":{\"@id\":\"https:\\\/\\\/arbavegabaja.com\\\/en\\\/#organizationLogo\"}},{\"@type\":\"WebPage\",\"@id\":\"https:\\\/\\\/arbavegabaja.com\\\/en\\\/#webpage\",\"url\":\"https:\\\/\\\/arbavegabaja.com\\\/en\\\/\",\"name\":\"Inicio\",\"description\":\"Ven y conoce ARBA Vega Baja para empezar a contribuir a la recuperaci\\u00f3n del entorno de nuestra regi\\u00f3n a trav\\u00e9s de la vegetaci\\u00f3n aut\\u00f3ctona.\",\"inLanguage\":\"en-GB\",\"isPartOf\":{\"@id\":\"https:\\\/\\\/arbavegabaja.com\\\/en\\\/#website\"},\"breadcrumb\":{\"@id\":\"https:\\\/\\\/arbavegabaja.com\\\/en\\\/#breadcrumblist\"},\"datePublished\":\"2026-01-17T18:14:17+00:00\",\"dateModified\":\"2026-09-01T07:10:31+00:00\"},{\"@type\":\"WebSite\",\"@id\":\"https:\\\/\\\/arbavegabaja.com\\\/en\\\/#website\",\"url\":\"https:\\\/\\\/arbavegabaja.com\\\/en\\\/\",\"name\":\"arbavegabaja.com\",\"description\":\"Web de ARBA Vega Baja, asociaci\\u00f3n local para la recuperaci\\u00f3n de la vegetaci\\u00f3n aut\\u00f3ctona\",\"inLanguage\":\"en-GB\",\"publisher\":{\"@id\":\"https:\\\/\\\/arbavegabaja.com\\\/en\\\/#organization\"}}]}\n\t\t<\/script>\n\t\t<!-- All in One SEO -->\n\n","aioseo_head_json":{"title":"Home","description":"Ven y conoce ARBA Vega Baja para empezar a contribuir a la recuperaci\u00f3n del entorno de nuestra regi\u00f3n a trav\u00e9s de la vegetaci\u00f3n aut\u00f3ctona.","canonical_url":"https:\/\/arbavegabaja.com\/en\/","robots":"max-image-preview:large","keywords":"","webmasterTools":{"miscellaneous":""},"schema":{"@context":"https:\/\/schema.org","@graph":[{"@type":"BreadcrumbList","@id":"https:\/\/arbavegabaja.com\/en\/#breadcrumblist","itemListElement":[{"@type":"ListItem","@id":"https:\/\/arbavegabaja.com\/en#listItem","position":1,"name":"Home","item":"https:\/\/arbavegabaja.com\/en","nextItem":{"@type":"ListItem","@id":"https:\/\/arbavegabaja.com\/en\/#listItem","name":"Inicio"}},{"@type":"ListItem","@id":"https:\/\/arbavegabaja.com\/en\/#listItem","position":2,"name":"Inicio","previousItem":{"@type":"ListItem","@id":"https:\/\/arbavegabaja.com\/en#listItem","name":"Home"}}]},{"@type":"Organization","@id":"https:\/\/arbavegabaja.com\/en\/#organization","name":"arbavegabaja.com","description":"Web de ARBA Vega Baja, asociaci\u00f3n local para la recuperaci\u00f3n de la vegetaci\u00f3n aut\u00f3ctona","url":"https:\/\/arbavegabaja.com\/en\/","logo":{"@type":"ImageObject","url":"https:\/\/arbavegabaja.com\/wp-content\/uploads\/2026\/01\/Logo-BN-sin-fondo-1.png","@id":"https:\/\/arbavegabaja.com\/en\/#organizationLogo","width":1155,"height":843,"caption":"logo bn sin fondo"},"image":{"@id":"https:\/\/arbavegabaja.com\/en\/#organizationLogo"}},{"@type":"WebPage","@id":"https:\/\/arbavegabaja.com\/en\/#webpage","url":"https:\/\/arbavegabaja.com\/en\/","name":"Inicio","description":"Ven y conoce ARBA Vega Baja para empezar a contribuir a la recuperaci\u00f3n del entorno de nuestra regi\u00f3n a trav\u00e9s de la vegetaci\u00f3n aut\u00f3ctona.","inLanguage":"en-GB","isPartOf":{"@id":"https:\/\/arbavegabaja.com\/en\/#website"},"breadcrumb":{"@id":"https:\/\/arbavegabaja.com\/en\/#breadcrumblist"},"datePublished":"2026-01-17T18:14:17+00:00","dateModified":"2026-09-01T07:10:31+00:00"},{"@type":"WebSite","@id":"https:\/\/arbavegabaja.com\/en\/#website","url":"https:\/\/arbavegabaja.com\/en\/","name":"arbavegabaja.com","description":"Web de ARBA Vega Baja, asociaci\u00f3n local para la recuperaci\u00f3n de la vegetaci\u00f3n aut\u00f3ctona","inLanguage":"en-GB","publisher":{"@id":"https:\/\/arbavegabaja.com\/en\/#organization"}}]},"og:locale":"en_GB","og:site_name":"arbavegabaja.com - Web de ARBA Vega Baja, asociaci\u00f3n local para la recuperaci\u00f3n de la vegetaci\u00f3n aut\u00f3ctona","og:type":"website","og:title":"Inicio","og:description":"Ven y conoce ARBA Vega Baja para empezar a contribuir a la recuperaci\u00f3n del entorno de nuestra regi\u00f3n a trav\u00e9s de la vegetaci\u00f3n aut\u00f3ctona.","og:url":"https:\/\/arbavegabaja.com\/en\/","og:image":"https:\/\/arbavegabaja.com\/wp-content\/uploads\/2026\/08\/Unete-portada-16-9-compressed-1.jpg","og:image:secure_url":"https:\/\/arbavegabaja.com\/wp-content\/uploads\/2026\/08\/Unete-portada-16-9-compressed-1.jpg","og:image:width":1200,"og:image:height":800,"twitter:card":"summary_large_image","twitter:title":"Inicio","twitter:description":"Ven y conoce ARBA Vega Baja para empezar a contribuir a la recuperaci\u00f3n del entorno de nuestra regi\u00f3n a trav\u00e9s de la vegetaci\u00f3n aut\u00f3ctona.","twitter:image":"https:\/\/arbavegabaja.com\/wp-content\/uploads\/2026\/08\/Unete-portada-16-9-compressed-1.jpg"},"aioseo_meta_data":{"post_id":"1322","title":"#post_title","description":"Ven y conoce ARBA Vega Baja para empezar a contribuir a la recuperaci\u00f3n del entorno de nuestra regi\u00f3n a trav\u00e9s de la vegetaci\u00f3n aut\u00f3ctona.","keywords":null,"keyphrases":{"focus":{"keyphrase":"recuperaci\u00f3n restauraci\u00f3n ecol\u00f3gica sureste","score":0,"analysis":[]},"additional":[]},"primary_term":null,"canonical_url":null,"og_title":"#post_title","og_description":"Ven y conoce ARBA Vega Baja para empezar a contribuir a la recuperaci\u00f3n del entorno de nuestra regi\u00f3n a trav\u00e9s de la vegetaci\u00f3n aut\u00f3ctona.","og_object_type":"website","og_image_type":"custom_image","og_image_url":"https:\/\/arbavegabaja.com\/wp-content\/uploads\/2026\/08\/Unete-portada-16-9-compressed-1.jpg","og_image_width":"1200","og_image_height":"800","og_image_custom_url":"https:\/\/arbavegabaja.com\/wp-content\/uploads\/2026\/08\/Unete-portada-16-9-compressed-1.jpg","og_image_custom_fields":null,"og_video":"","og_custom_url":null,"og_article_section":null,"og_article_tags":null,"twitter_use_og":false,"twitter_card":"default","twitter_image_type":"default","twitter_image_url":null,"twitter_image_custom_url":null,"twitter_image_custom_fields":null,"twitter_title":null,"twitter_description":null,"schema":{"blockGraphs":[],"customGraphs":[],"default":{"data":{"Article":[],"Course":[],"Dataset":[],"FAQPage":[],"Movie":[],"Person":[],"Product":[],"ProductReview":[],"Car":[],"Recipe":[],"Service":[],"SoftwareApplication":[],"WebPage":[]},"graphName":"WebPage","isEnabled":true},"graphs":[]},"schema_type":"default","schema_type_options":null,"pillar_content":false,"robots_default":true,"robots_noindex":false,"robots_noarchive":false,"robots_nosnippet":false,"robots_nofollow":false,"robots_noimageindex":false,"robots_noodp":false,"robots_notranslate":false,"robots_max_snippet":"-1","robots_max_videopreview":"-1","robots_max_imagepreview":"large","priority":null,"frequency":"default","local_seo":null,"breadcrumb_settings":null,"limit_modified_date":false,"ai":{"faqs":[],"keyPoints":[],"schemas":[],"titles":[],"descriptions":[],"socialPosts":{"email":{"subject":"","preview":"","content":""},"linkedin":[],"twitter":[],"facebook":[],"instagram":[]}},"created":"2026-01-17 18:31:39","updated":"2026-09-01 08:31:39","seo_analyzer_scan_date":null,"focus_keyword":"recuperaci\u00f3n restauraci\u00f3n ecol\u00f3gica sureste","additional_keywords":null,"truseo_locale":null},"aioseo_breadcrumb":"<div class=\"aioseo-breadcrumbs\"><span class=\"aioseo-breadcrumb\">\n\t\t\t<a href=\"https:\/\/arbavegabaja.com\/en\" title=\"Home\">Home<\/a>\n\t\t<\/span><span class=\"aioseo-breadcrumb-separator\">&raquo;<\/span><span class=\"aioseo-breadcrumb\">\n\t\t\tInicio\n\t\t<\/span><\/div>","aioseo_breadcrumb_json":[{"label":"Home","link":"https:\/\/arbavegabaja.com\/en"},{"label":"Inicio","link":"https:\/\/arbavegabaja.com\/en\/"}],"_hostinger_reach_plugin_has_subscription_block":false,"_hostinger_reach_plugin_is_elementor":false,"uagb_featured_image_src":{"full":false,"thumbnail":false,"medium":false,"medium_large":false,"large":false,"1536x1536":false,"2048x2048":false,"trp-custom-language-flag":false,"woocommerce_thumbnail":false,"woocommerce_single":false,"woocommerce_gallery_thumbnail":false},"uagb_author_info":{"display_name":"ARBA Vega Baja","author_link":"https:\/\/arbavegabaja.com\/en\/author\/oliviergil80gmail-com\/"},"uagb_comment_info":0,"uagb_excerpt":"En portada Qu\u00e9 nos hace distintos La restauraci\u00f3n de los suelos: una soluci\u00f3n natural para el clima y el agua","_links":{"self":[{"href":"https:\/\/arbavegabaja.com\/en\/wp-json\/wp\/v2\/pages\/1322","targetHints":{"allow":["GET"]}}],"collection":[{"href":"https:\/\/arbavegabaja.com\/en\/wp-json\/wp\/v2\/pages"}],"about":[{"href":"https:\/\/arbavegabaja.com\/en\/wp-json\/wp\/v2\/types\/page"}],"author":[{"embeddable":true,"href":"https:\/\/arbavegabaja.com\/en\/wp-json\/wp\/v2\/users\/1"}],"replies":[{"embeddable":true,"href":"https:\/\/arbavegabaja.com\/en\/wp-json\/wp\/v2\/comments?post=1322"}],"version-history":[{"count":112,"href":"https:\/\/arbavegabaja.com\/en\/wp-json\/wp\/v2\/pages\/1322\/revisions"}],"predecessor-version":[{"id":3950,"href":"https:\/\/arbavegabaja.com\/en\/wp-json\/wp\/v2\/pages\/1322\/revisions\/3950"}],"wp:attachment":[{"href":"https:\/\/arbavegabaja.com\/en\/wp-json\/wp\/v2\/media?parent=1322"}],"curies":[{"name":"wp","href":"https:\/\/api.w.org\/{rel}","templated":true}]}}