{"id":2821,"date":"2026-01-17T18:35:56","date_gmt":"2026-01-17T18:35:56","guid":{"rendered":"https:\/\/arbavegabaja.com\/?page_id=2821"},"modified":"2026-08-30T22:44:46","modified_gmt":"2026-08-30T22:44:46","slug":"recursos","status":"publish","type":"page","link":"https:\/\/arbavegabaja.com\/en\/recursos\/","title":{"rendered":"Resources"},"content":{"rendered":"<div class=\"wp-block-uagb-container uagb-block-ae0bc409 alignfull uagb-is-root-container\"><div class=\"uagb-container-inner-blocks-wrap\">\n<div class=\"wp-block-uagb-advanced-heading uagb-block-8a1eebc0\"><h1 class=\"uagb-heading-text\">Resources<\/h1><\/div>\n<\/div><\/div>\n\n\n\n<div class=\"wp-block-uagb-container uagb-block-6999b479 alignfull uagb-is-root-container\"><div class=\"uagb-container-inner-blocks-wrap\">\n<div class=\"wp-block-uagb-advanced-heading uagb-block-e8111e3c\"><h2 class=\"uagb-heading-text\">Blog<\/h2><\/div>\n\n\n\n<p style=\"margin-top:var(--wp--preset--spacing--20);margin-bottom:var(--wp--preset--spacing--20);font-size:18px\">Access all our articles in <a href=\"https:\/\/arbavegabaja.com\/en\/recursos\/blog\/\" title=\"\">ARBA Vega Baja's Blog<\/a><\/p>\n<\/div><\/div>\n\n\n\n<div class=\"wp-block-uagb-container uagb-block-02e31761 alignfull uagb-is-root-container\"><div class=\"uagb-container-inner-blocks-wrap\">\n<div class=\"wp-block-uagb-advanced-heading uagb-block-537943e3\"><h2 class=\"uagb-heading-text\">Associations and interest groups<\/h2><\/div>\n\n\n\n<div class=\"wp-block-group has-ast-global-color-8-background-color has-background is-layout-constrained wp-container-core-group-is-layout-5158752f wp-block-group-is-layout-constrained\" style=\"margin-top:-20px;margin-bottom:-20px;padding-top:var(--wp--preset--spacing--20);padding-right:var(--wp--preset--spacing--30);padding-bottom:var(--wp--preset--spacing--20);padding-left:var(--wp--preset--spacing--30)\">\n<div class=\"wp-block-uagb-advanced-heading uagb-block-a43f50d3\"><h3 class=\"uagb-heading-text\"><a href=\"https:\/\/arba-s.org\/\" target=\"_blank\" rel=\"noopener\" title=\"\">ARBA (parent association)<\/a><\/h3><\/div>\n\n\n\n<p style=\"font-size:18px;line-height:1.2\">Our parent organisation, whose website contains numerous articles and resources on the restoration of native vegetation.<\/p>\n<\/div>\n\n\n\n<div class=\"wp-block-group has-ast-global-color-8-background-color has-background is-layout-constrained wp-container-core-group-is-layout-5158752f wp-block-group-is-layout-constrained\" style=\"margin-top:-20px;margin-bottom:-20px;padding-top:var(--wp--preset--spacing--20);padding-right:var(--wp--preset--spacing--30);padding-bottom:var(--wp--preset--spacing--20);padding-left:var(--wp--preset--spacing--30)\">\n<div class=\"wp-block-uagb-advanced-heading uagb-block-a7a395d4\"><h3 class=\"uagb-heading-text\"><a href=\"https:\/\/www.google.com\/url?sa=t&amp;source=web&amp;rct=j&amp;opi=89978449&amp;url=https:\/\/www.arbacartagena.org\/&amp;ved=2ahUKEwjei6LKjpeWAxVfzwIHHY7KEVMQFnoECA0QAQ&amp;usg=AOvVaw0tuXBvzlsP_t-LRlmcBqCZ\" target=\"_blank\" rel=\"noopener\" title=\"\">ARBA Cartagena-La Uni\u00f3n<\/a><\/h3><\/div>\n\n\n\n<p style=\"font-size:18px;line-height:1.2\">Neighbouring ARBA with extensive experience in restoration work in arid environments<\/p>\n<\/div>\n\n\n\n<div class=\"wp-block-group has-ast-global-color-8-background-color has-background is-layout-constrained wp-container-core-group-is-layout-5158752f wp-block-group-is-layout-constrained\" style=\"margin-top:-20px;margin-bottom:-20px;padding-top:var(--wp--preset--spacing--20);padding-right:var(--wp--preset--spacing--30);padding-bottom:var(--wp--preset--spacing--20);padding-left:var(--wp--preset--spacing--30)\">\n<div class=\"wp-block-uagb-advanced-heading uagb-block-3f8dbf63\"><h3 class=\"uagb-heading-text\"><a href=\"https:\/\/www.google.com\/url?sa=t&amp;source=web&amp;rct=j&amp;opi=89978449&amp;url=https:\/\/www.facebook.com\/arbaelx\/&amp;ved=2ahUKEwi32vj2opiWAxW3Q_EDHQ2UGWYQFnoECCQQAQ&amp;usg=AOvVaw26VmIoFDyxBH_meCdWppAV\" target=\"_blank\" rel=\"noopener\" title=\"\">ARBA Elx<\/a><\/h3><\/div>\n\n\n\n<p style=\"font-size:18px;line-height:1.2\">Neighbouring ARBA, partnering with us in a direct-seeding pilot project <\/p>\n<\/div>\n\n\n\n<div class=\"wp-block-group has-ast-global-color-8-background-color has-background is-layout-constrained wp-container-core-group-is-layout-5158752f wp-block-group-is-layout-constrained\" style=\"margin-top:-20px;margin-bottom:-20px;padding-top:var(--wp--preset--spacing--20);padding-right:var(--wp--preset--spacing--30);padding-bottom:var(--wp--preset--spacing--20);padding-left:var(--wp--preset--spacing--30)\">\n<div class=\"wp-block-uagb-advanced-heading uagb-block-8f3383fa\"><h3 class=\"uagb-heading-text\"><a href=\"https:\/\/www.google.com\/url?sa=t&amp;source=web&amp;rct=j&amp;opi=89978449&amp;url=https:\/\/web.ua.es\/es\/r2d\/renaturem-sur-de-alicante.html&amp;ved=2ahUKEwj7kpaMo5iWAxVg9bsIHZl9FKwQFnoECBgQAQ&amp;usg=AOvVaw3kPdtKBCSAFqS4E9xPj1cO\" target=\"_blank\" rel=\"noopener\" title=\"\">Renaturem Sur de Alicante<\/a><\/h3><\/div>\n\n\n\n<p style=\"font-size:18px;line-height:1.2\">A living lab from the University of Alicante that promotes ecological restoration in the south of the province.<\/p>\n<\/div>\n\n\n\n<div class=\"wp-block-group has-ast-global-color-8-background-color has-background is-layout-constrained wp-container-core-group-is-layout-5158752f wp-block-group-is-layout-constrained\" style=\"margin-top:-20px;margin-bottom:-20px;padding-top:var(--wp--preset--spacing--20);padding-right:var(--wp--preset--spacing--30);padding-bottom:var(--wp--preset--spacing--20);padding-left:var(--wp--preset--spacing--30)\">\n<div class=\"wp-block-uagb-advanced-heading uagb-block-8aa9f4a7\"><h3 class=\"uagb-heading-text\"><a href=\"https:\/\/www.google.com\/url?sa=t&amp;source=web&amp;rct=j&amp;opi=89978449&amp;url=https:\/\/semillistas.es\/&amp;ved=2ahUKEwj88_r_o5iWAxWT_rsIHfY2EdAQFnoECAwQAQ&amp;usg=AOvVaw0ESOA40SXMMDK2pYI-l8vN\" target=\"_blank\" rel=\"noopener\" title=\"\">Semillistas<\/a><\/h3><\/div>\n\n\n\n<p style=\"font-size:18px;line-height:1.2\">Association based in Granada, a pioneer in the reforestation of Mediterranean ecosystems through direct seeding.<\/p>\n<\/div>\n<\/div><\/div>\n\n\n\n<div class=\"wp-block-uagb-container uagb-block-eaed0093 alignfull uagb-is-root-container\"><div class=\"uagb-container-inner-blocks-wrap\">\n<div class=\"wp-block-uagb-advanced-heading uagb-block-2e758705\"><h2 class=\"uagb-heading-text\">Manuals and guides<\/h2><\/div>\n\n\n\n<div class=\"wp-block-group has-ast-global-color-8-background-color has-background is-layout-constrained wp-container-core-group-is-layout-5158752f wp-block-group-is-layout-constrained\" style=\"margin-top:-20px;margin-bottom:-20px;padding-top:var(--wp--preset--spacing--20);padding-right:var(--wp--preset--spacing--30);padding-bottom:var(--wp--preset--spacing--20);padding-left:var(--wp--preset--spacing--30)\">\n<div class=\"wp-block-uagb-advanced-heading uagb-block-42718eea\"><h3 class=\"uagb-heading-text\"><a href=\"https:\/\/www.miteco.gob.es\/es\/biodiversidad\/servicios\/banco-datos-naturaleza\/informacion-disponible\/memoria_mapa_series_veg.html\" target=\"_blank\" rel=\"noopener\" title=\"\">Memoria del mapa de series de vegetaci\u00f3n de Espa\u00f1a &#8211; Salvador Rivas-Mart\u00ednez<\/a><\/h3><\/div>\n\n\n\n<p style=\"font-size:18px;line-height:1.2\">A classic reference for identifying plant communities at their various stages, across all regions of Spain, and especially in the south-east of the Iberian Peninsula.<\/p>\n<\/div>\n\n\n\n<div class=\"wp-block-group has-ast-global-color-8-background-color has-background is-layout-constrained wp-container-core-group-is-layout-5158752f wp-block-group-is-layout-constrained\" style=\"margin-top:-20px;margin-bottom:-20px;padding-top:var(--wp--preset--spacing--20);padding-right:var(--wp--preset--spacing--30);padding-bottom:var(--wp--preset--spacing--20);padding-left:var(--wp--preset--spacing--30)\">\n<div class=\"wp-block-uagb-advanced-heading uagb-block-8952e19a\"><h3 class=\"uagb-heading-text\"><a href=\"https:\/\/atlas-desertificacion.ua.es\/\" target=\"_blank\" rel=\"noopener\" title=\"\">Atlas de la desertificaci\u00f3n de Espa\u00f1a<\/a><\/h3><\/div>\n\n\n\n<p style=\"font-size:18px;line-height:1.2\">A comprehensive study carried out by the CSIC and the University of Alicante on the causes and consequences of desertification at national level.<\/p>\n<\/div>\n\n\n\n<div class=\"wp-block-group has-ast-global-color-8-background-color has-background is-layout-constrained wp-container-core-group-is-layout-5158752f wp-block-group-is-layout-constrained\" style=\"margin-top:-20px;margin-bottom:-20px;padding-top:var(--wp--preset--spacing--20);padding-right:var(--wp--preset--spacing--30);padding-bottom:var(--wp--preset--spacing--20);padding-left:var(--wp--preset--spacing--30)\">\n<div class=\"wp-block-uagb-advanced-heading uagb-block-e01355f7\"><h3 class=\"uagb-heading-text\"><a href=\"https:\/\/www.ceam.es\/es\/news\/presentacion-del-libro-la-restauracion-de-los-paisajes-vegetales-en-el-semiarido-iberico-mediterraneo\/\" target=\"_blank\" rel=\"noopener\" title=\"\">Restauraci\u00f3n de los paisajes en el semi\u00e1rido ib\u00e9rico mediterr\u00e1neo<\/a><\/h3><\/div>\n\n\n\n<p style=\"font-size:18px;line-height:1.2\">Book produced by <a href=\"https:\/\/www.google.com\/url?sa=t&amp;source=web&amp;rct=j&amp;opi=89978449&amp;url=https:\/\/www.ceam.es\/es\/&amp;ved=2ahUKEwjG67jvoruWAxWuT0EAHRGvH_gQFnoECA0QAQ&amp;usg=AOvVaw0SPPXKHhelTNDvzSI3H8Fn\" target=\"_blank\" rel=\"noopener\" title=\"\">Fundaci\u00f3n CEAM<\/a> and <a href=\"https:\/\/www.google.com\/url?sa=t&amp;source=web&amp;rct=j&amp;opi=89978449&amp;url=https:\/\/laderasverdes.org\/&amp;ved=2ahUKEwj2nPX_oruWAxUsSEEAHaSMCkwQFnoECBcQAQ&amp;usg=AOvVaw2lyGABl_tj17D3Cp8cwo9V\" target=\"_blank\" rel=\"noopener\" title=\"\">Iniciativa Laderas Verdes<\/a> describing the crucial role of vegetation to fight desertification, stabilise the water cycle and protect soils in the mediterranean semi-arid zones.<\/p>\n<\/div>\n\n\n\n<div class=\"wp-block-group has-ast-global-color-8-background-color has-background is-layout-constrained wp-container-core-group-is-layout-5158752f wp-block-group-is-layout-constrained\" style=\"margin-top:-20px;margin-bottom:-20px;padding-top:var(--wp--preset--spacing--20);padding-right:var(--wp--preset--spacing--30);padding-bottom:var(--wp--preset--spacing--20);padding-left:var(--wp--preset--spacing--30)\">\n<div class=\"wp-block-uagb-advanced-heading uagb-block-c6bb3520\"><h3 class=\"uagb-heading-text\"><a href=\"https:\/\/mediambient.gva.es\/es\/web\/cief\/ecoplantmed\" target=\"_blank\" rel=\"noopener\" title=\"\">Manual para la propagaci\u00f3n de especies aut\u00f3ctonas mediterr\u00e1neas seleccionadas<\/a><\/h3><\/div>\n\n\n\n<p style=\"font-size:18px;line-height:1.2\">A handbook produced by EcoplantMed and the Valencian Regional Government, containing 30 fact sheets on the germination and propagation of native species, aimed at ecological restoration and gardening in the Mediterranean region.<\/p>\n<\/div>\n<\/div><\/div>\n\n\n\n<div style=\"height:50px\" aria-hidden=\"true\" class=\"wp-block-spacer\"><\/div>","protected":false},"excerpt":{"rendered":"<p>Recursos Blog de art\u00edculos Accede a nuestros art\u00edculos en el blog de ARBA Vega Baja Asociaciones y grupos de inter\u00e9s [&hellip;]<\/p>\n","protected":false},"author":1,"featured_media":0,"parent":0,"menu_order":0,"comment_status":"closed","ping_status":"closed","template":"","meta":{"_uag_custom_page_level_css":"","site-sidebar-layout":"no-sidebar","site-content-layout":"","ast-site-content-layout":"full-width-container","site-content-style":"unboxed","site-sidebar-style":"unboxed","ast-global-header-display":"","ast-banner-title-visibility":"","ast-main-header-display":"","ast-hfb-above-header-display":"","ast-hfb-below-header-display":"","ast-hfb-mobile-header-display":"","site-post-title":"disabled","ast-breadcrumbs-content":"","ast-featured-img":"","footer-sml-layout":"","ast-disable-related-posts":"","theme-transparent-header-meta":"enabled","adv-header-id-meta":"","stick-header-meta":"","header-above-stick-meta":"","header-main-stick-meta":"","header-below-stick-meta":"","astra-migrate-meta-layouts":"set","ast-page-background-enabled":"default","ast-page-background-meta":{"desktop":{"background-color":"var(--ast-global-color-4)","background-image":"","background-repeat":"repeat","background-position":"center center","background-size":"auto","background-attachment":"scroll","background-type":"","background-media":"","overlay-type":"","overlay-color":"","overlay-opacity":"","overlay-gradient":""},"tablet":{"background-color":"","background-image":"","background-repeat":"repeat","background-position":"center center","background-size":"auto","background-attachment":"scroll","background-type":"","background-media":"","overlay-type":"","overlay-color":"","overlay-opacity":"","overlay-gradient":""},"mobile":{"background-color":"","background-image":"","background-repeat":"repeat","background-position":"center center","background-size":"auto","background-attachment":"scroll","background-type":"","background-media":"","overlay-type":"","overlay-color":"","overlay-opacity":"","overlay-gradient":""}},"ast-content-background-meta":{"desktop":{"background-color":"var(--ast-global-color-5)","background-image":"","background-repeat":"repeat","background-position":"center center","background-size":"auto","background-attachment":"scroll","background-type":"","background-media":"","overlay-type":"","overlay-color":"","overlay-opacity":"","overlay-gradient":""},"tablet":{"background-color":"var(--ast-global-color-5)","background-image":"","background-repeat":"repeat","background-position":"center center","background-size":"auto","background-attachment":"scroll","background-type":"","background-media":"","overlay-type":"","overlay-color":"","overlay-opacity":"","overlay-gradient":""},"mobile":{"background-color":"var(--ast-global-color-5)","background-image":"","background-repeat":"repeat","background-position":"center center","background-size":"auto","background-attachment":"scroll","background-type":"","background-media":"","overlay-type":"","overlay-color":"","overlay-opacity":"","overlay-gradient":""}},"footnotes":""},"class_list":["post-2821","page","type-page","status-publish","hentry"],"aioseo_notices":[],"aioseo_head":"\n\t\t<!-- All in One SEO 5.0.1.1 - aioseo.com -->\n\t<meta name=\"description\" content=\"Art\u00edculos, webs y documentos \u00fatiles para todo aquel interesado en la recuperaci\u00f3n de la vegetaci\u00f3n de nuestra regi\u00f3n, incluyendo el blog de ARBA Vega Baja.\" \/>\n\t<meta name=\"robots\" content=\"max-image-preview:large\" \/>\n\t<link rel=\"canonical\" href=\"https:\/\/arbavegabaja.com\/en\/recursos\/\" \/>\n\t<meta name=\"generator\" content=\"All in One SEO (AIOSEO) 5.0.1.1\" \/>\n\t\t<meta property=\"og:locale\" content=\"en_GB\" \/>\n\t\t<meta property=\"og:site_name\" content=\"arbavegabaja.com - Web de ARBA Vega Baja, asociaci\u00f3n local para la recuperaci\u00f3n de la vegetaci\u00f3n aut\u00f3ctona\" \/>\n\t\t<meta property=\"og:type\" content=\"article\" \/>\n\t\t<meta property=\"og:title\" content=\"Recursos\" \/>\n\t\t<meta property=\"og:description\" content=\"Art\u00edculos, webs y documentos \u00fatiles para todo aquel interesado en la recuperaci\u00f3n de la vegetaci\u00f3n de nuestra regi\u00f3n, incluyendo el blog de ARBA Vega Baja.\" \/>\n\t\t<meta property=\"og:url\" content=\"https:\/\/arbavegabaja.com\/en\/recursos\/\" \/>\n\t\t<meta property=\"og:image\" content=\"https:\/\/arbavegabaja.com\/wp-content\/uploads\/2026\/01\/Logo-BN-sin-fondo-1.png\" \/>\n\t\t<meta property=\"og:image:secure_url\" content=\"https:\/\/arbavegabaja.com\/wp-content\/uploads\/2026\/01\/Logo-BN-sin-fondo-1.png\" \/>\n\t\t<meta property=\"article:published_time\" content=\"2026-01-17T18:35:56+00:00\" \/>\n\t\t<meta property=\"article:modified_time\" content=\"2026-08-30T22:44:46+00:00\" \/>\n\t\t<meta name=\"twitter:card\" content=\"summary_large_image\" \/>\n\t\t<meta name=\"twitter:title\" content=\"Recursos\" \/>\n\t\t<meta name=\"twitter:description\" content=\"Art\u00edculos, webs y documentos \u00fatiles para todo aquel interesado en la recuperaci\u00f3n de la vegetaci\u00f3n de nuestra regi\u00f3n, incluyendo el blog de ARBA Vega Baja.\" \/>\n\t\t<meta name=\"twitter:image\" content=\"https:\/\/arbavegabaja.com\/wp-content\/uploads\/2026\/01\/Logo-BN-sin-fondo-1.png\" \/>\n\t\t<script type=\"application\/ld+json\" class=\"aioseo-schema\">\n\t\t\t{\"@context\":\"https:\\\/\\\/schema.org\",\"@graph\":[{\"@type\":\"BreadcrumbList\",\"@id\":\"https:\\\/\\\/arbavegabaja.com\\\/en\\\/recursos\\\/#breadcrumblist\",\"itemListElement\":[{\"@type\":\"ListItem\",\"@id\":\"https:\\\/\\\/arbavegabaja.com\\\/en#listItem\",\"position\":1,\"name\":\"Home\",\"item\":\"https:\\\/\\\/arbavegabaja.com\\\/en\",\"nextItem\":{\"@type\":\"ListItem\",\"@id\":\"https:\\\/\\\/arbavegabaja.com\\\/en\\\/recursos\\\/#listItem\",\"name\":\"Recursos\"}},{\"@type\":\"ListItem\",\"@id\":\"https:\\\/\\\/arbavegabaja.com\\\/en\\\/recursos\\\/#listItem\",\"position\":2,\"name\":\"Recursos\",\"previousItem\":{\"@type\":\"ListItem\",\"@id\":\"https:\\\/\\\/arbavegabaja.com\\\/en#listItem\",\"name\":\"Home\"}}]},{\"@type\":\"Organization\",\"@id\":\"https:\\\/\\\/arbavegabaja.com\\\/en\\\/#organization\",\"name\":\"arbavegabaja.com\",\"description\":\"Web de ARBA Vega Baja, asociaci\\u00f3n local para la recuperaci\\u00f3n de la vegetaci\\u00f3n aut\\u00f3ctona\",\"url\":\"https:\\\/\\\/arbavegabaja.com\\\/en\\\/\",\"logo\":{\"@type\":\"ImageObject\",\"url\":\"https:\\\/\\\/arbavegabaja.com\\\/wp-content\\\/uploads\\\/2026\\\/01\\\/Logo-BN-sin-fondo-1.png\",\"@id\":\"https:\\\/\\\/arbavegabaja.com\\\/en\\\/recursos\\\/#organizationLogo\",\"width\":1155,\"height\":843,\"caption\":\"logo bn sin fondo\"},\"image\":{\"@id\":\"https:\\\/\\\/arbavegabaja.com\\\/en\\\/recursos\\\/#organizationLogo\"}},{\"@type\":\"WebPage\",\"@id\":\"https:\\\/\\\/arbavegabaja.com\\\/en\\\/recursos\\\/#webpage\",\"url\":\"https:\\\/\\\/arbavegabaja.com\\\/en\\\/recursos\\\/\",\"name\":\"Recursos\",\"description\":\"Art\\u00edculos, webs y documentos \\u00fatiles para todo aquel interesado en la recuperaci\\u00f3n de la vegetaci\\u00f3n de nuestra regi\\u00f3n, incluyendo el blog de ARBA Vega Baja.\",\"inLanguage\":\"en-GB\",\"isPartOf\":{\"@id\":\"https:\\\/\\\/arbavegabaja.com\\\/en\\\/#website\"},\"breadcrumb\":{\"@id\":\"https:\\\/\\\/arbavegabaja.com\\\/en\\\/recursos\\\/#breadcrumblist\"},\"datePublished\":\"2026-01-17T18:35:56+00:00\",\"dateModified\":\"2026-08-30T22:44:46+00:00\"},{\"@type\":\"WebSite\",\"@id\":\"https:\\\/\\\/arbavegabaja.com\\\/en\\\/#website\",\"url\":\"https:\\\/\\\/arbavegabaja.com\\\/en\\\/\",\"name\":\"arbavegabaja.com\",\"description\":\"Web de ARBA Vega Baja, asociaci\\u00f3n local para la recuperaci\\u00f3n de la vegetaci\\u00f3n aut\\u00f3ctona\",\"inLanguage\":\"en-GB\",\"publisher\":{\"@id\":\"https:\\\/\\\/arbavegabaja.com\\\/en\\\/#organization\"}}]}\n\t\t<\/script>\n\t\t<!-- All in One SEO -->\n\n","aioseo_head_json":{"title":"Resources","description":"Art\u00edculos, webs y documentos \u00fatiles para todo aquel interesado en la recuperaci\u00f3n de la vegetaci\u00f3n de nuestra regi\u00f3n, incluyendo el blog de ARBA Vega Baja.","canonical_url":"https:\/\/arbavegabaja.com\/en\/recursos\/","robots":"max-image-preview:large","keywords":"","webmasterTools":{"miscellaneous":""},"schema":{"@context":"https:\/\/schema.org","@graph":[{"@type":"BreadcrumbList","@id":"https:\/\/arbavegabaja.com\/en\/recursos\/#breadcrumblist","itemListElement":[{"@type":"ListItem","@id":"https:\/\/arbavegabaja.com\/en#listItem","position":1,"name":"Home","item":"https:\/\/arbavegabaja.com\/en","nextItem":{"@type":"ListItem","@id":"https:\/\/arbavegabaja.com\/en\/recursos\/#listItem","name":"Recursos"}},{"@type":"ListItem","@id":"https:\/\/arbavegabaja.com\/en\/recursos\/#listItem","position":2,"name":"Recursos","previousItem":{"@type":"ListItem","@id":"https:\/\/arbavegabaja.com\/en#listItem","name":"Home"}}]},{"@type":"Organization","@id":"https:\/\/arbavegabaja.com\/en\/#organization","name":"arbavegabaja.com","description":"Web de ARBA Vega Baja, asociaci\u00f3n local para la recuperaci\u00f3n de la vegetaci\u00f3n aut\u00f3ctona","url":"https:\/\/arbavegabaja.com\/en\/","logo":{"@type":"ImageObject","url":"https:\/\/arbavegabaja.com\/wp-content\/uploads\/2026\/01\/Logo-BN-sin-fondo-1.png","@id":"https:\/\/arbavegabaja.com\/en\/recursos\/#organizationLogo","width":1155,"height":843,"caption":"logo bn sin fondo"},"image":{"@id":"https:\/\/arbavegabaja.com\/en\/recursos\/#organizationLogo"}},{"@type":"WebPage","@id":"https:\/\/arbavegabaja.com\/en\/recursos\/#webpage","url":"https:\/\/arbavegabaja.com\/en\/recursos\/","name":"Recursos","description":"Art\u00edculos, webs y documentos \u00fatiles para todo aquel interesado en la recuperaci\u00f3n de la vegetaci\u00f3n de nuestra regi\u00f3n, incluyendo el blog de ARBA Vega Baja.","inLanguage":"en-GB","isPartOf":{"@id":"https:\/\/arbavegabaja.com\/en\/#website"},"breadcrumb":{"@id":"https:\/\/arbavegabaja.com\/en\/recursos\/#breadcrumblist"},"datePublished":"2026-01-17T18:35:56+00:00","dateModified":"2026-08-30T22:44:46+00:00"},{"@type":"WebSite","@id":"https:\/\/arbavegabaja.com\/en\/#website","url":"https:\/\/arbavegabaja.com\/en\/","name":"arbavegabaja.com","description":"Web de ARBA Vega Baja, asociaci\u00f3n local para la recuperaci\u00f3n de la vegetaci\u00f3n aut\u00f3ctona","inLanguage":"en-GB","publisher":{"@id":"https:\/\/arbavegabaja.com\/en\/#organization"}}]},"og:locale":"en_GB","og:site_name":"arbavegabaja.com - Web de ARBA Vega Baja, asociaci\u00f3n local para la recuperaci\u00f3n de la vegetaci\u00f3n aut\u00f3ctona","og:type":"article","og:title":"Recursos","og:description":"Art\u00edculos, webs y documentos \u00fatiles para todo aquel interesado en la recuperaci\u00f3n de la vegetaci\u00f3n de nuestra regi\u00f3n, incluyendo el blog de ARBA Vega Baja.","og:url":"https:\/\/arbavegabaja.com\/en\/recursos\/","og:image":"https:\/\/arbavegabaja.com\/wp-content\/uploads\/2026\/01\/Logo-BN-sin-fondo-1.png","og:image:secure_url":"https:\/\/arbavegabaja.com\/wp-content\/uploads\/2026\/01\/Logo-BN-sin-fondo-1.png","article:published_time":"2026-01-17T18:35:56+00:00","article:modified_time":"2026-08-30T22:44:46+00:00","twitter:card":"summary_large_image","twitter:title":"Recursos","twitter:description":"Art\u00edculos, webs y documentos \u00fatiles para todo aquel interesado en la recuperaci\u00f3n de la vegetaci\u00f3n de nuestra regi\u00f3n, incluyendo el blog de ARBA Vega Baja.","twitter:image":"https:\/\/arbavegabaja.com\/wp-content\/uploads\/2026\/01\/Logo-BN-sin-fondo-1.png"},"aioseo_meta_data":{"post_id":"2821","title":"#post_title","description":"Art\u00edculos, webs y documentos \u00fatiles para todo aquel interesado en la recuperaci\u00f3n de la vegetaci\u00f3n de nuestra regi\u00f3n, incluyendo el blog de ARBA Vega Baja.","keywords":null,"keyphrases":{"focus":{"keyphrase":"art\u00edculos documentos restauraci\u00f3n ecol\u00f3gica","score":0,"analysis":[]},"additional":[]},"primary_term":null,"canonical_url":null,"og_title":"#post_title","og_description":"Art\u00edculos, webs y documentos \u00fatiles para todo aquel interesado en la recuperaci\u00f3n de la vegetaci\u00f3n de nuestra regi\u00f3n, incluyendo el blog de ARBA Vega Baja.","og_object_type":"default","og_image_type":"content","og_image_url":"https:\/\/arbavegabaja.com\/wp-content\/uploads\/2026\/01\/Logo-BN-sin-fondo-1.png","og_image_width":"0","og_image_height":"0","og_image_custom_url":null,"og_image_custom_fields":null,"og_video":"","og_custom_url":null,"og_article_section":null,"og_article_tags":null,"twitter_use_og":false,"twitter_card":"default","twitter_image_type":"default","twitter_image_url":null,"twitter_image_custom_url":null,"twitter_image_custom_fields":null,"twitter_title":null,"twitter_description":null,"schema":{"blockGraphs":[],"customGraphs":[],"default":{"data":{"Article":[],"Course":[],"Dataset":[],"FAQPage":[],"Movie":[],"Person":[],"Product":[],"ProductReview":[],"Car":[],"Recipe":[],"Service":[],"SoftwareApplication":[],"WebPage":[]},"graphName":"WebPage","isEnabled":true},"graphs":[]},"schema_type":"default","schema_type_options":null,"pillar_content":false,"robots_default":true,"robots_noindex":false,"robots_noarchive":false,"robots_nosnippet":false,"robots_nofollow":false,"robots_noimageindex":false,"robots_noodp":false,"robots_notranslate":false,"robots_max_snippet":"-1","robots_max_videopreview":"-1","robots_max_imagepreview":"large","priority":null,"frequency":"default","local_seo":null,"breadcrumb_settings":null,"limit_modified_date":false,"ai":{"faqs":[],"keyPoints":[],"schemas":[],"titles":[],"descriptions":[],"socialPosts":{"email":{"subject":"","preview":"","content":""},"linkedin":[],"twitter":[],"facebook":[],"instagram":[]}},"created":"2026-01-17 18:35:57","updated":"2026-08-30 23:44:23","seo_analyzer_scan_date":null,"focus_keyword":"art\u00edculos documentos restauraci\u00f3n ecol\u00f3gica","additional_keywords":null,"truseo_locale":null},"aioseo_breadcrumb":"<div class=\"aioseo-breadcrumbs\"><span class=\"aioseo-breadcrumb\">\n\t\t\t<a href=\"https:\/\/arbavegabaja.com\/en\" title=\"Home\">Home<\/a>\n\t\t<\/span><span class=\"aioseo-breadcrumb-separator\">&raquo;<\/span><span class=\"aioseo-breadcrumb\">\n\t\t\tRecursos\n\t\t<\/span><\/div>","aioseo_breadcrumb_json":[{"label":"Home","link":"https:\/\/arbavegabaja.com\/en"},{"label":"Recursos","link":"https:\/\/arbavegabaja.com\/en\/recursos\/"}],"_hostinger_reach_plugin_has_subscription_block":false,"_hostinger_reach_plugin_is_elementor":false,"uagb_featured_image_src":{"full":false,"thumbnail":false,"medium":false,"medium_large":false,"large":false,"1536x1536":false,"2048x2048":false,"trp-custom-language-flag":false,"woocommerce_thumbnail":false,"woocommerce_single":false,"woocommerce_gallery_thumbnail":false},"uagb_author_info":{"display_name":"ARBA Vega Baja","author_link":"https:\/\/arbavegabaja.com\/en\/author\/oliviergil80gmail-com\/"},"uagb_comment_info":0,"uagb_excerpt":"Recursos Blog de art\u00edculos Accede a nuestros art\u00edculos en el blog de ARBA Vega Baja Asociaciones y grupos de inter\u00e9s [&hellip;]","_links":{"self":[{"href":"https:\/\/arbavegabaja.com\/en\/wp-json\/wp\/v2\/pages\/2821","targetHints":{"allow":["GET"]}}],"collection":[{"href":"https:\/\/arbavegabaja.com\/en\/wp-json\/wp\/v2\/pages"}],"about":[{"href":"https:\/\/arbavegabaja.com\/en\/wp-json\/wp\/v2\/types\/page"}],"author":[{"embeddable":true,"href":"https:\/\/arbavegabaja.com\/en\/wp-json\/wp\/v2\/users\/1"}],"replies":[{"embeddable":true,"href":"https:\/\/arbavegabaja.com\/en\/wp-json\/wp\/v2\/comments?post=2821"}],"version-history":[{"count":32,"href":"https:\/\/arbavegabaja.com\/en\/wp-json\/wp\/v2\/pages\/2821\/revisions"}],"predecessor-version":[{"id":3869,"href":"https:\/\/arbavegabaja.com\/en\/wp-json\/wp\/v2\/pages\/2821\/revisions\/3869"}],"wp:attachment":[{"href":"https:\/\/arbavegabaja.com\/en\/wp-json\/wp\/v2\/media?parent=2821"}],"curies":[{"name":"wp","href":"https:\/\/api.w.org\/{rel}","templated":true}]}}