{"id":3450,"date":"2026-08-13T23:14:09","date_gmt":"2026-08-13T23:14:09","guid":{"rendered":"https:\/\/arbavegabaja.com\/?page_id=3450"},"modified":"2026-08-31T14:20:19","modified_gmt":"2026-08-31T14:20:19","slug":"politica-de-privacidad","status":"publish","type":"page","link":"https:\/\/arbavegabaja.com\/en\/politica-de-privacidad\/","title":{"rendered":"Privacy Policy"},"content":{"rendered":"<div class=\"wp-block-uagb-container uagb-block-88a3f73a alignfull uagb-is-root-container\"><div class=\"uagb-container-inner-blocks-wrap\"><\/div><\/div>\n\n\n\n<div class=\"wp-block-uagb-container uagb-block-9c032fb7 alignfull uagb-is-root-container\"><div class=\"uagb-container-inner-blocks-wrap\">\n<div class=\"wp-block-uagb-advanced-heading uagb-block-cfba07a3\"><h1 class=\"uagb-heading-text\"><strong>Privacy Policy<\/strong><\/h1><\/div>\n\n\n\n<div class=\"wp-block-uagb-advanced-heading uagb-block-d7e5e70e\"><h3 class=\"uagb-heading-text\"><strong><em>Data controller<\/em><\/strong><\/h3><\/div>\n\n\n\n<p>The data controller for the personal data collected on this website is <strong>Asociaci\u00f3n para la Recuperaci\u00f3n del Bosque Aut\u00f3ctono de la Vega Baja (ARBA Vega Baja)<\/strong>, registered in the Registro de Asociaciones de la Generalitat Valenciana with the number CV-01-068014-A of the first section, with NIF G-24744914 and its registered office in Torrevieja (Alicante). You can contact us by email at: info@arbavegabaja.com.<\/p>\n\n\n\n<div class=\"wp-block-uagb-advanced-heading uagb-block-04312093\"><h3 class=\"uagb-heading-text\"><strong><em>Purpose of the data processing<\/em><\/strong><\/h3><\/div>\n\n\n\n<p style=\"margin-top:var(--wp--preset--spacing--20);margin-bottom:var(--wp--preset--spacing--20)\">The personal data you provide via the contact and membership registration forms (name, email address, telephone number and address) will be used exclusively for:<\/p>\n\n\n\n<ul style=\"margin-top:2px;margin-bottom:2px\" class=\"wp-block-list\">\n<li>Manage your enquiry or application to become a member or donor.<\/li>\n\n\n\n<li>To send you information about our activities and projects (if you have given your consent).<\/li>\n\n\n\n<li>To maintain an ongoing relationship with you as a partner, collaborator or volunteer.<\/li>\n<\/ul>\n\n\n\n<div class=\"wp-block-uagb-advanced-heading uagb-block-60e8ee0b\"><h3 class=\"uagb-heading-text\"><strong><em>Legal basis<\/em><\/strong><\/h3><\/div>\n\n\n\n<p>The legal basis for the data processing of your information is the following:<\/p>\n\n\n\n<ul class=\"wp-block-list\">\n<li>Consent from the data subject to process your contact request, send information about activities and projects, and maintain a relationship with you as a collaborator.<\/li>\n\n\n\n<li>Compliance with legal obligations (management of members in accordance with the association\u2019s articles of ARBA Vega Baja and the Ley Org\u00e1nica 1\/2002 de Asociaciones).<\/li>\n<\/ul>\n\n\n\n<div class=\"wp-block-uagb-advanced-heading uagb-block-03dd8b22\"><h3 class=\"uagb-heading-text\"><strong><em>Retention period<\/em><\/strong><\/h3><\/div>\n\n\n\n<p>Your data will be retained for as long as there is an ongoing relationship with you (e.g. as a member or contributor) and, once this relationship has ended, for the period necessary to comply with legal obligations.<\/p>\n\n\n\n<ul class=\"wp-block-list\">\n<li>For members: data will be retained for as long as the user remains a member and, once they have cancelled their membership, for the period necessary to comply with legal obligations.<\/li>\n\n\n\n<li>For donors: data will be retained until the user withdraws their consent and, where applicable, for the statutory period required to substantiate the donation.<\/li>\n\n\n\n<li>For general enquiries: data will be retained until the user requests its deletion or for as long as is necessary to deal with their enquiry.<\/li>\n<\/ul>\n\n\n\n<div class=\"wp-block-uagb-advanced-heading uagb-block-8e4e4fb1\"><h3 class=\"uagb-heading-text\"><strong><em>Rights<\/em><\/strong><\/h3><\/div>\n\n\n\n<p>You may exercise your rights of access, rectification, erasure, restriction, data portability and objection to the processing of your data, as well as your right not to be subject to automated decision-making, by contacting info@arbavegabaja.com.<\/p>\n\n\n\n<div class=\"wp-block-uagb-advanced-heading uagb-block-5f4de7aa\"><h3 class=\"uagb-heading-text\"><strong><em><strong>Photographs and videos at public events<\/strong><\/em><\/strong><\/h3><\/div>\n\n\n\n<p>This website features photographs and videos of environmental restoration activities. These images are taken at public events, where attendees are informed that they may be photographed or filmed. If you do not wish your image to appear on our website, you can request its removal by contacting us at info@arbavegabaja.com.<\/p>\n\n\n\n<div class=\"wp-block-uagb-advanced-heading uagb-block-b2a5b2e0\"><h3 class=\"uagb-heading-text\"><strong><em><strong>Security<\/strong><\/em><\/strong><\/h3><\/div>\n\n\n\n<p>We implement technical and organisational measures to ensure the security of your data and to prevent its unauthorised alteration, loss, processing or access.<\/p>\n\n\n\n<div class=\"wp-block-uagb-advanced-heading uagb-block-d403fbae\"><h3 class=\"uagb-heading-text\"><strong><em><strong>Changes to Privacy Policy<\/strong><\/em><\/strong><\/h3><\/div>\n\n\n\n<p>ARBA Vega Baja reserves the right to amend this Privacy Policy. Any changes will be published on the website and will come into effect upon publication.<\/p>\n<\/div><\/div>\n\n\n\n<div style=\"height:50px\" aria-hidden=\"true\" class=\"wp-block-spacer\"><\/div>","protected":false},"excerpt":{"rendered":"<p>Pol\u00edtica de privacidad Responsable del tratamiento El responsable del tratamiento de los datos personales recabados en esta web es la [&hellip;]<\/p>\n","protected":false},"author":1,"featured_media":0,"parent":0,"menu_order":0,"comment_status":"closed","ping_status":"closed","template":"","meta":{"_uag_custom_page_level_css":"","site-sidebar-layout":"no-sidebar","site-content-layout":"","ast-site-content-layout":"full-width-container","site-content-style":"unboxed","site-sidebar-style":"unboxed","ast-global-header-display":"","ast-banner-title-visibility":"","ast-main-header-display":"","ast-hfb-above-header-display":"","ast-hfb-below-header-display":"","ast-hfb-mobile-header-display":"","site-post-title":"disabled","ast-breadcrumbs-content":"","ast-featured-img":"","footer-sml-layout":"","ast-disable-related-posts":"","theme-transparent-header-meta":"enabled","adv-header-id-meta":"","stick-header-meta":"","header-above-stick-meta":"","header-main-stick-meta":"","header-below-stick-meta":"","astra-migrate-meta-layouts":"set","ast-page-background-enabled":"default","ast-page-background-meta":{"desktop":{"background-color":"var(--ast-global-color-4)","background-image":"","background-repeat":"repeat","background-position":"center center","background-size":"auto","background-attachment":"scroll","background-type":"","background-media":"","overlay-type":"","overlay-color":"","overlay-opacity":"","overlay-gradient":""},"tablet":{"background-color":"","background-image":"","background-repeat":"repeat","background-position":"center center","background-size":"auto","background-attachment":"scroll","background-type":"","background-media":"","overlay-type":"","overlay-color":"","overlay-opacity":"","overlay-gradient":""},"mobile":{"background-color":"","background-image":"","background-repeat":"repeat","background-position":"center center","background-size":"auto","background-attachment":"scroll","background-type":"","background-media":"","overlay-type":"","overlay-color":"","overlay-opacity":"","overlay-gradient":""}},"ast-content-background-meta":{"desktop":{"background-color":"var(--ast-global-color-5)","background-image":"","background-repeat":"repeat","background-position":"center center","background-size":"auto","background-attachment":"scroll","background-type":"","background-media":"","overlay-type":"","overlay-color":"","overlay-opacity":"","overlay-gradient":""},"tablet":{"background-color":"var(--ast-global-color-5)","background-image":"","background-repeat":"repeat","background-position":"center center","background-size":"auto","background-attachment":"scroll","background-type":"","background-media":"","overlay-type":"","overlay-color":"","overlay-opacity":"","overlay-gradient":""},"mobile":{"background-color":"var(--ast-global-color-5)","background-image":"","background-repeat":"repeat","background-position":"center center","background-size":"auto","background-attachment":"scroll","background-type":"","background-media":"","overlay-type":"","overlay-color":"","overlay-opacity":"","overlay-gradient":""}},"footnotes":""},"class_list":["post-3450","page","type-page","status-publish","hentry"],"aioseo_notices":[],"aioseo_head":"\n\t\t<!-- All in One SEO 5.0.1.1 - aioseo.com -->\n\t<meta name=\"description\" content=\"Aqu\u00ed puedes consultar nuestra pol\u00edtica de privacidad y la gesti\u00f3n de tus datos.\" \/>\n\t<meta name=\"robots\" content=\"max-image-preview:large\" \/>\n\t<link rel=\"canonical\" href=\"https:\/\/arbavegabaja.com\/en\/politica-de-privacidad\/\" \/>\n\t<meta name=\"generator\" content=\"All in One SEO (AIOSEO) 5.0.1.1\" \/>\n\t\t<meta property=\"og:locale\" content=\"en_GB\" \/>\n\t\t<meta property=\"og:site_name\" content=\"arbavegabaja.com - Web de ARBA Vega Baja, asociaci\u00f3n local para la recuperaci\u00f3n de la vegetaci\u00f3n aut\u00f3ctona\" \/>\n\t\t<meta property=\"og:type\" content=\"article\" \/>\n\t\t<meta property=\"og:title\" content=\"Pol\u00edtica de privacidad\" \/>\n\t\t<meta property=\"og:description\" content=\"Aqu\u00ed puedes consultar nuestra pol\u00edtica de privacidad y la gesti\u00f3n de tus datos.\" \/>\n\t\t<meta property=\"og:url\" content=\"https:\/\/arbavegabaja.com\/en\/politica-de-privacidad\/\" \/>\n\t\t<meta property=\"og:image\" content=\"https:\/\/arbavegabaja.com\/wp-content\/uploads\/2026\/01\/Logo-BN-sin-fondo-1.png\" \/>\n\t\t<meta property=\"og:image:secure_url\" content=\"https:\/\/arbavegabaja.com\/wp-content\/uploads\/2026\/01\/Logo-BN-sin-fondo-1.png\" \/>\n\t\t<meta property=\"article:published_time\" content=\"2026-08-13T23:14:09+00:00\" \/>\n\t\t<meta property=\"article:modified_time\" content=\"2026-08-31T14:20:19+00:00\" \/>\n\t\t<meta name=\"twitter:card\" content=\"summary_large_image\" \/>\n\t\t<meta name=\"twitter:title\" content=\"Pol\u00edtica de privacidad\" \/>\n\t\t<meta name=\"twitter:description\" content=\"Aqu\u00ed puedes consultar nuestra pol\u00edtica de privacidad y la gesti\u00f3n de tus datos.\" \/>\n\t\t<meta name=\"twitter:image\" content=\"https:\/\/arbavegabaja.com\/wp-content\/uploads\/2026\/01\/Logo-BN-sin-fondo-1.png\" \/>\n\t\t<script type=\"application\/ld+json\" class=\"aioseo-schema\">\n\t\t\t{\"@context\":\"https:\\\/\\\/schema.org\",\"@graph\":[{\"@type\":\"BreadcrumbList\",\"@id\":\"https:\\\/\\\/arbavegabaja.com\\\/en\\\/politica-de-privacidad\\\/#breadcrumblist\",\"itemListElement\":[{\"@type\":\"ListItem\",\"@id\":\"https:\\\/\\\/arbavegabaja.com\\\/en#listItem\",\"position\":1,\"name\":\"Home\",\"item\":\"https:\\\/\\\/arbavegabaja.com\\\/en\",\"nextItem\":{\"@type\":\"ListItem\",\"@id\":\"https:\\\/\\\/arbavegabaja.com\\\/en\\\/politica-de-privacidad\\\/#listItem\",\"name\":\"Pol\\u00edtica de privacidad\"}},{\"@type\":\"ListItem\",\"@id\":\"https:\\\/\\\/arbavegabaja.com\\\/en\\\/politica-de-privacidad\\\/#listItem\",\"position\":2,\"name\":\"Pol\\u00edtica de privacidad\",\"previousItem\":{\"@type\":\"ListItem\",\"@id\":\"https:\\\/\\\/arbavegabaja.com\\\/en#listItem\",\"name\":\"Home\"}}]},{\"@type\":\"Organization\",\"@id\":\"https:\\\/\\\/arbavegabaja.com\\\/en\\\/#organization\",\"name\":\"arbavegabaja.com\",\"description\":\"Web de ARBA Vega Baja, asociaci\\u00f3n local para la recuperaci\\u00f3n de la vegetaci\\u00f3n aut\\u00f3ctona\",\"url\":\"https:\\\/\\\/arbavegabaja.com\\\/en\\\/\",\"logo\":{\"@type\":\"ImageObject\",\"url\":\"https:\\\/\\\/arbavegabaja.com\\\/wp-content\\\/uploads\\\/2026\\\/01\\\/Logo-BN-sin-fondo-1.png\",\"@id\":\"https:\\\/\\\/arbavegabaja.com\\\/en\\\/politica-de-privacidad\\\/#organizationLogo\",\"width\":1155,\"height\":843,\"caption\":\"logo bn sin fondo\"},\"image\":{\"@id\":\"https:\\\/\\\/arbavegabaja.com\\\/en\\\/politica-de-privacidad\\\/#organizationLogo\"}},{\"@type\":\"WebPage\",\"@id\":\"https:\\\/\\\/arbavegabaja.com\\\/en\\\/politica-de-privacidad\\\/#webpage\",\"url\":\"https:\\\/\\\/arbavegabaja.com\\\/en\\\/politica-de-privacidad\\\/\",\"name\":\"Pol\\u00edtica de privacidad\",\"description\":\"Aqu\\u00ed puedes consultar nuestra pol\\u00edtica de privacidad y la gesti\\u00f3n de tus datos.\",\"inLanguage\":\"en-GB\",\"isPartOf\":{\"@id\":\"https:\\\/\\\/arbavegabaja.com\\\/en\\\/#website\"},\"breadcrumb\":{\"@id\":\"https:\\\/\\\/arbavegabaja.com\\\/en\\\/politica-de-privacidad\\\/#breadcrumblist\"},\"datePublished\":\"2026-08-13T23:14:09+00:00\",\"dateModified\":\"2026-08-31T14:20:19+00:00\"},{\"@type\":\"WebSite\",\"@id\":\"https:\\\/\\\/arbavegabaja.com\\\/en\\\/#website\",\"url\":\"https:\\\/\\\/arbavegabaja.com\\\/en\\\/\",\"name\":\"arbavegabaja.com\",\"description\":\"Web de ARBA Vega Baja, asociaci\\u00f3n local para la recuperaci\\u00f3n de la vegetaci\\u00f3n aut\\u00f3ctona\",\"inLanguage\":\"en-GB\",\"publisher\":{\"@id\":\"https:\\\/\\\/arbavegabaja.com\\\/en\\\/#organization\"}}]}\n\t\t<\/script>\n\t\t<!-- All in One SEO -->\n\n","aioseo_head_json":{"title":"Privacy Policy","description":"Aqu\u00ed puedes consultar nuestra pol\u00edtica de privacidad y la gesti\u00f3n de tus datos.","canonical_url":"https:\/\/arbavegabaja.com\/en\/politica-de-privacidad\/","robots":"max-image-preview:large","keywords":"","webmasterTools":{"miscellaneous":""},"schema":{"@context":"https:\/\/schema.org","@graph":[{"@type":"BreadcrumbList","@id":"https:\/\/arbavegabaja.com\/en\/politica-de-privacidad\/#breadcrumblist","itemListElement":[{"@type":"ListItem","@id":"https:\/\/arbavegabaja.com\/en#listItem","position":1,"name":"Home","item":"https:\/\/arbavegabaja.com\/en","nextItem":{"@type":"ListItem","@id":"https:\/\/arbavegabaja.com\/en\/politica-de-privacidad\/#listItem","name":"Pol\u00edtica de privacidad"}},{"@type":"ListItem","@id":"https:\/\/arbavegabaja.com\/en\/politica-de-privacidad\/#listItem","position":2,"name":"Pol\u00edtica de privacidad","previousItem":{"@type":"ListItem","@id":"https:\/\/arbavegabaja.com\/en#listItem","name":"Home"}}]},{"@type":"Organization","@id":"https:\/\/arbavegabaja.com\/en\/#organization","name":"arbavegabaja.com","description":"Web de ARBA Vega Baja, asociaci\u00f3n local para la recuperaci\u00f3n de la vegetaci\u00f3n aut\u00f3ctona","url":"https:\/\/arbavegabaja.com\/en\/","logo":{"@type":"ImageObject","url":"https:\/\/arbavegabaja.com\/wp-content\/uploads\/2026\/01\/Logo-BN-sin-fondo-1.png","@id":"https:\/\/arbavegabaja.com\/en\/politica-de-privacidad\/#organizationLogo","width":1155,"height":843,"caption":"logo bn sin fondo"},"image":{"@id":"https:\/\/arbavegabaja.com\/en\/politica-de-privacidad\/#organizationLogo"}},{"@type":"WebPage","@id":"https:\/\/arbavegabaja.com\/en\/politica-de-privacidad\/#webpage","url":"https:\/\/arbavegabaja.com\/en\/politica-de-privacidad\/","name":"Pol\u00edtica de privacidad","description":"Aqu\u00ed puedes consultar nuestra pol\u00edtica de privacidad y la gesti\u00f3n de tus datos.","inLanguage":"en-GB","isPartOf":{"@id":"https:\/\/arbavegabaja.com\/en\/#website"},"breadcrumb":{"@id":"https:\/\/arbavegabaja.com\/en\/politica-de-privacidad\/#breadcrumblist"},"datePublished":"2026-08-13T23:14:09+00:00","dateModified":"2026-08-31T14:20:19+00:00"},{"@type":"WebSite","@id":"https:\/\/arbavegabaja.com\/en\/#website","url":"https:\/\/arbavegabaja.com\/en\/","name":"arbavegabaja.com","description":"Web de ARBA Vega Baja, asociaci\u00f3n local para la recuperaci\u00f3n de la vegetaci\u00f3n aut\u00f3ctona","inLanguage":"en-GB","publisher":{"@id":"https:\/\/arbavegabaja.com\/en\/#organization"}}]},"og:locale":"en_GB","og:site_name":"arbavegabaja.com - Web de ARBA Vega Baja, asociaci\u00f3n local para la recuperaci\u00f3n de la vegetaci\u00f3n aut\u00f3ctona","og:type":"article","og:title":"Pol\u00edtica de privacidad","og:description":"Aqu\u00ed puedes consultar nuestra pol\u00edtica de privacidad y la gesti\u00f3n de tus datos.","og:url":"https:\/\/arbavegabaja.com\/en\/politica-de-privacidad\/","og:image":"https:\/\/arbavegabaja.com\/wp-content\/uploads\/2026\/01\/Logo-BN-sin-fondo-1.png","og:image:secure_url":"https:\/\/arbavegabaja.com\/wp-content\/uploads\/2026\/01\/Logo-BN-sin-fondo-1.png","article:published_time":"2026-08-13T23:14:09+00:00","article:modified_time":"2026-08-31T14:20:19+00:00","twitter:card":"summary_large_image","twitter:title":"Pol\u00edtica de privacidad","twitter:description":"Aqu\u00ed puedes consultar nuestra pol\u00edtica de privacidad y la gesti\u00f3n de tus datos.","twitter:image":"https:\/\/arbavegabaja.com\/wp-content\/uploads\/2026\/01\/Logo-BN-sin-fondo-1.png"},"aioseo_meta_data":{"post_id":"3450","title":"#post_title","description":"Aqu\u00ed puedes consultar nuestra pol\u00edtica de privacidad y la gesti\u00f3n de tus datos.","keywords":null,"keyphrases":{"focus":{"keyphrase":"pol\u00edtica privacidad","score":0,"analysis":[]},"additional":[]},"primary_term":null,"canonical_url":null,"og_title":null,"og_description":null,"og_object_type":"default","og_image_type":"default","og_image_url":null,"og_image_width":null,"og_image_height":null,"og_image_custom_url":null,"og_image_custom_fields":null,"og_video":"","og_custom_url":null,"og_article_section":null,"og_article_tags":null,"twitter_use_og":false,"twitter_card":"default","twitter_image_type":"default","twitter_image_url":null,"twitter_image_custom_url":null,"twitter_image_custom_fields":null,"twitter_title":null,"twitter_description":null,"schema":{"blockGraphs":[],"customGraphs":[],"default":{"data":{"Article":[],"Course":[],"Dataset":[],"FAQPage":[],"Movie":[],"Person":[],"Product":[],"ProductReview":[],"Car":[],"Recipe":[],"Service":[],"SoftwareApplication":[],"WebPage":[]},"graphName":"WebPage","isEnabled":true},"graphs":[]},"schema_type":"default","schema_type_options":null,"pillar_content":false,"robots_default":true,"robots_noindex":false,"robots_noarchive":false,"robots_nosnippet":false,"robots_nofollow":false,"robots_noimageindex":false,"robots_noodp":false,"robots_notranslate":false,"robots_max_snippet":"-1","robots_max_videopreview":"-1","robots_max_imagepreview":"large","priority":null,"frequency":"default","local_seo":null,"breadcrumb_settings":null,"limit_modified_date":false,"ai":{"faqs":[],"keyPoints":[],"schemas":[],"titles":[],"descriptions":[],"socialPosts":{"email":{"subject":"","preview":"","content":""},"linkedin":[],"twitter":[],"facebook":[],"instagram":[]}},"created":"2026-08-13 23:13:29","updated":"2026-08-31 14:29:46","seo_analyzer_scan_date":null,"focus_keyword":"pol\u00edtica privacidad","additional_keywords":null,"truseo_locale":null},"aioseo_breadcrumb":"<div class=\"aioseo-breadcrumbs\"><span class=\"aioseo-breadcrumb\">\n\t\t\t<a href=\"https:\/\/arbavegabaja.com\/en\" title=\"Home\">Home<\/a>\n\t\t<\/span><span class=\"aioseo-breadcrumb-separator\">&raquo;<\/span><span class=\"aioseo-breadcrumb\">\n\t\t\tPol\u00edtica de privacidad\n\t\t<\/span><\/div>","aioseo_breadcrumb_json":[{"label":"Home","link":"https:\/\/arbavegabaja.com\/en"},{"label":"Pol\u00edtica de privacidad","link":"https:\/\/arbavegabaja.com\/en\/politica-de-privacidad\/"}],"_hostinger_reach_plugin_has_subscription_block":false,"_hostinger_reach_plugin_is_elementor":false,"uagb_featured_image_src":{"full":false,"thumbnail":false,"medium":false,"medium_large":false,"large":false,"1536x1536":false,"2048x2048":false,"trp-custom-language-flag":false,"woocommerce_thumbnail":false,"woocommerce_single":false,"woocommerce_gallery_thumbnail":false},"uagb_author_info":{"display_name":"ARBA Vega Baja","author_link":"https:\/\/arbavegabaja.com\/en\/author\/oliviergil80gmail-com\/"},"uagb_comment_info":0,"uagb_excerpt":"Pol\u00edtica de privacidad Responsable del tratamiento El responsable del tratamiento de los datos personales recabados en esta web es la [&hellip;]","_links":{"self":[{"href":"https:\/\/arbavegabaja.com\/en\/wp-json\/wp\/v2\/pages\/3450","targetHints":{"allow":["GET"]}}],"collection":[{"href":"https:\/\/arbavegabaja.com\/en\/wp-json\/wp\/v2\/pages"}],"about":[{"href":"https:\/\/arbavegabaja.com\/en\/wp-json\/wp\/v2\/types\/page"}],"author":[{"embeddable":true,"href":"https:\/\/arbavegabaja.com\/en\/wp-json\/wp\/v2\/users\/1"}],"replies":[{"embeddable":true,"href":"https:\/\/arbavegabaja.com\/en\/wp-json\/wp\/v2\/comments?post=3450"}],"version-history":[{"count":7,"href":"https:\/\/arbavegabaja.com\/en\/wp-json\/wp\/v2\/pages\/3450\/revisions"}],"predecessor-version":[{"id":3946,"href":"https:\/\/arbavegabaja.com\/en\/wp-json\/wp\/v2\/pages\/3450\/revisions\/3946"}],"wp:attachment":[{"href":"https:\/\/arbavegabaja.com\/en\/wp-json\/wp\/v2\/media?parent=3450"}],"curies":[{"name":"wp","href":"https:\/\/api.w.org\/{rel}","templated":true}]}}